{"id":29,"date":"2020-12-20T00:19:59","date_gmt":"2020-12-19T22:19:59","guid":{"rendered":"https:\/\/berge-wiesen-waelder.art\/?page_id=29"},"modified":"2025-04-05T03:57:39","modified_gmt":"2025-04-05T01:57:39","slug":"impressum-imprint","status":"publish","type":"page","link":"https:\/\/www.berge-wiesen-waelder.art\/en\/impressum-imprint\/","title":{"rendered":"Site Notice"},"content":{"rendered":"<div data-elementor-type=\"wp-page\" data-elementor-id=\"29\" class=\"elementor elementor-29\" data-elementor-post-type=\"page\">\n\t\t\t\t\t\t<section class=\"elementor-section elementor-top-section elementor-element elementor-element-ce79b43 elementor-section-boxed elementor-section-height-default elementor-section-height-default\" data-id=\"ce79b43\" data-element_type=\"section\" data-e-type=\"section\">\n\t\t\t\t\t\t<div class=\"elementor-container elementor-column-gap-default\">\n\t\t\t\t\t<div class=\"elementor-column elementor-col-100 elementor-top-column elementor-element elementor-element-86b81d8\" data-id=\"86b81d8\" data-element_type=\"column\" data-e-type=\"column\">\n\t\t\t<div class=\"elementor-widget-wrap elementor-element-populated\">\n\t\t\t\t\t\t<div class=\"elementor-element elementor-element-a4890a9 elementor-widget elementor-widget-erecht24\" data-id=\"a4890a9\" data-element_type=\"widget\" data-e-type=\"widget\" data-widget_type=\"erecht24.default\">\n\t\t\t\t<div class=\"elementor-widget-container\">\n\t\t\t\t\t<div class=\"erecht24-elementor-widget\"><div style=\"word-wrap: break-word;\"><h1>Site Notice<\/h1>\n\n<p>Julian Kirschler<br \/>\nPhotographer<br \/>\nEmsdettener Str. 10<br \/>\nc\/o Postflex #5210<br \/>\n48268 Greven<\/p>\n\n<h2>Contact<\/h2>\n<p>Phone : Upon request<br \/>\nE-Mail: info@julian-kirschler.com<\/p>\n\n<h2>Redaktionell verantwortlich<\/h2>\n<p>Julian Kirschler<br \/>\r\nc\/o Postflex #5210<br \/>\r\nEmsdettener Str. 10<br \/>\r\n48268 Greven<\/p>\n\n<h2>EU dispute resolution<\/h2>\n<p>The European Commission provides a platform for online dispute resolution (ODR): https:\/\/ec.europa.eu\/consumers\/odr\/. <a href=\"https:\/\/ec.europa.eu\/consumers\/odr\/\" target=\"_blank\" rel=\"noopener noreferrer\">https:\/\/ec.europa.eu\/consumers\/odr\/<\/a>.<br \/> Our e-mail address can be found above in the site notice.<\/p>\n\n<h2>Dispute resolution proceedings in front of a consumer arbitration board<\/h2>\n<p>We are not willing or obliged to participate in dispute resolution proceedings in front of a consumer arbitration board.<\/p><\/div><\/div>\t\t\t\t<\/div>\n\t\t\t\t<\/div>\n\t\t\t\t<div class=\"elementor-element elementor-element-20374a4 elementor-widget elementor-widget-html\" data-id=\"20374a4\" data-element_type=\"widget\" data-e-type=\"widget\" data-widget_type=\"html.default\">\n\t\t\t\t<div class=\"elementor-widget-container\">\n\t\t\t\t\t<h3>Haftung f\u00fcr Inhalte<\/h3>\n<p>Als Diensteanbieter sind wir gem\u00e4\u00df \u00a7 7 Abs. 1 DDG (Digitale-Dienste-Gesetz) f\u00fcr eigene Inhalte auf diesen Seiten nach den allgemeinen Gesetzen verantwortlich. Nach den \u00a7\u00a7 8 bis 10 DDG sind wir als Diensteanbieter jedoch nicht verpflichtet, \u00fcbermittelte oder gespeicherte fremde Informationen zu \u00fcberwachen oder nach Umst\u00e4nden zu forschen, die auf eine rechtswidrige T\u00e4tigkeit hinweisen.<\/p>\n<p>Verpflichtungen zur Entfernung oder Sperrung der Nutzung von Informationen nach den allgemeinen Gesetzen bleiben hiervon unber\u00fchrt. Eine diesbez\u00fcgliche Haftung ist jedoch erst ab dem Zeitpunkt der Kenntnis einer konkreten Rechtsverletzung m\u00f6glich. Bei Bekanntwerden von entsprechenden Rechtsverletzungen werden wir diese Inhalte umgehend entfernen.<\/p>\n\n<h3>Haftung f\u00fcr Links<\/h3>\n<p>Unser Angebot enth\u00e4lt Links zu externen Webseiten Dritter, auf deren Inhalte wir keinen Einfluss haben. Deshalb k\u00f6nnen wir f\u00fcr diese fremden Inhalte auch keine Gew\u00e4hr \u00fcbernehmen. F\u00fcr die Inhalte der verlinkten Seiten ist stets der jeweilige Anbieter oder Betreiber der Seiten verantwortlich. Die verlinkten Seiten wurden zum Zeitpunkt der Verlinkung auf m\u00f6gliche Rechtsverst\u00f6\u00dfe \u00fcberpr\u00fcft. Rechtswidrige Inhalte waren zum Zeitpunkt der Verlinkung nicht erkennbar.<\/p>\n<p>The linked websites had been checked for possible violations of law at the time of the establishment of the link. Illegal contents were not detected at the time of the linking. A permanent monitoring of the contents of linked websites cannot be imposed without reasonable indications that there has been a violation of law. Illegal links will be removed immediately at the time we get knowledge of them.<\/p>\n\n<h3>Urheberrecht &amp; Nutzungsrechte<\/h3>\n<p>Die durch <strong>Marketing-Brand\u00ae | Leon H\u00fcttl, Maximilianstra\u00dfe 46, 75172 Pforzheim<\/strong> erstellten Inhalte, Designs und technischen Umsetzungen dieser Webseite unterliegen dem deutschen Urheberrecht. Sofern nicht ausdr\u00fccklich anders vereinbart, verbleiben alle Urheberrechte an individuell erstellten Layouts, Texten, Programmierungen und sonstigen kreativen Leistungen bei der Agentur.<\/p>\n<p>Dem Seitenbetreiber wurde im Rahmen der Zusammenarbeit ein einfaches, nicht ausschlie\u00dfliches und nicht \u00fcbertragbares Nutzungsrecht zur Verwendung der Webseite f\u00fcr eigene Zwecke einger\u00e4umt. Weitere Nutzungen \u2013 insbesondere eine Bearbeitung oder Weitergabe an Dritte \u2013 bed\u00fcrfen einer gesonderten Vereinbarung mit Marketing-Brand\u00ae.<\/p>\n<p>Soweit Inhalte auf dieser Seite nicht von uns erstellt wurden, werden die Urheberrechte Dritter beachtet. Insbesondere werden Inhalte Dritter als solche gekennzeichnet. Solltest du trotzdem auf eine Urheberrechtsverletzung aufmerksam werden, bitten wir um einen entsprechenden Hinweis. Bei Bekanntwerden von Rechtsverletzungen werden wir derartige Inhalte umgehend entfernen.<\/p>\n\n<p><strong>Stand:<\/strong> M\u00e4rz 2025<\/p>\n\t\t\t\t<\/div>\n\t\t\t\t<\/div>\n\t\t\t\t\t<\/div>\n\t\t<\/div>\n\t\t\t\t\t<\/div>\n\t\t<\/section>\n\t\t\t\t<\/div>","protected":false},"excerpt":{"rendered":"<p>Impressum Julian Kirschler Fotograf Emsdettener Str. 10 c\/o Postflex #5210 48268 Greven Kontakt Telefon: Auf Anfrage E-Mail: info@julian-kirschler.com Redaktionell verantwortlich Julian Kirschler c\/o Postflex #5210 Emsdettener Str. 10 48268 Greven EU-Streitschlichtung Die Europ&auml;ische Kommission stellt eine Plattform zur Online-Streitbeilegung (OS) bereit: https:\/\/ec.europa.eu\/consumers\/odr\/. Unsere E-Mail-Adresse finden Sie oben im Impressum. Verbraucher&shy;streit&shy;beilegung\/Universal&shy;schlichtungs&shy;stelle Wir sind nicht bereit oder [&hellip;]<\/p>\n","protected":false},"author":1,"featured_media":0,"parent":0,"menu_order":0,"comment_status":"closed","ping_status":"closed","template":"","meta":{"footnotes":""},"class_list":["post-29","page","type-page","status-publish","hentry"],"yoast_head":"<!-- This site is optimized with the Yoast SEO plugin v27.5 - https:\/\/yoast.com\/product\/yoast-seo-wordpress\/ -->\n<title>Impressum - Berge, Wiesen und W\u00e4lder<\/title>\n<meta name=\"robots\" content=\"noindex, nofollow\" \/>\n<meta property=\"og:locale\" content=\"en_GB\" \/>\n<meta property=\"og:type\" content=\"article\" \/>\n<meta property=\"og:title\" content=\"Impressum - Berge, Wiesen und W\u00e4lder\" \/>\n<meta property=\"og:description\" content=\"Impressum Julian Kirschler Fotograf Emsdettener Str. 10 c\/o Postflex #5210 48268 Greven Kontakt Telefon: Auf Anfrage E-Mail: info@julian-kirschler.com Redaktionell verantwortlich Julian Kirschler c\/o Postflex #5210 Emsdettener Str. 10 48268 Greven EU-Streitschlichtung Die Europ&auml;ische Kommission stellt eine Plattform zur Online-Streitbeilegung (OS) bereit: https:\/\/ec.europa.eu\/consumers\/odr\/. Unsere E-Mail-Adresse finden Sie oben im Impressum. Verbraucher&shy;streit&shy;beilegung\/Universal&shy;schlichtungs&shy;stelle Wir sind nicht bereit oder [&hellip;]\" \/>\n<meta property=\"og:url\" content=\"https:\/\/www.berge-wiesen-waelder.art\/en\/impressum-imprint\/\" \/>\n<meta property=\"og:site_name\" content=\"Berge, Wiesen und W\u00e4lder\" \/>\n<meta property=\"article:modified_time\" content=\"2025-04-05T01:57:39+00:00\" \/>\n<meta name=\"twitter:card\" content=\"summary_large_image\" \/>\n<meta name=\"twitter:label1\" content=\"Estimated reading time\" \/>\n\t<meta name=\"twitter:data1\" content=\"3 minutes\" \/>\n<script type=\"application\/ld+json\" class=\"yoast-schema-graph\">{\"@context\":\"https:\\\/\\\/schema.org\",\"@graph\":[{\"@type\":\"WebPage\",\"@id\":\"https:\\\/\\\/www.berge-wiesen-waelder.art\\\/impressum-imprint\\\/\",\"url\":\"https:\\\/\\\/www.berge-wiesen-waelder.art\\\/impressum-imprint\\\/\",\"name\":\"Impressum - Berge, Wiesen und W\u00e4lder\",\"isPartOf\":{\"@id\":\"https:\\\/\\\/www.berge-wiesen-waelder.art\\\/#website\"},\"datePublished\":\"2020-12-19T22:19:59+00:00\",\"dateModified\":\"2025-04-05T01:57:39+00:00\",\"breadcrumb\":{\"@id\":\"https:\\\/\\\/www.berge-wiesen-waelder.art\\\/impressum-imprint\\\/#breadcrumb\"},\"inLanguage\":\"en-GB\",\"potentialAction\":[{\"@type\":\"ReadAction\",\"target\":[\"https:\\\/\\\/www.berge-wiesen-waelder.art\\\/impressum-imprint\\\/\"]}]},{\"@type\":\"BreadcrumbList\",\"@id\":\"https:\\\/\\\/www.berge-wiesen-waelder.art\\\/impressum-imprint\\\/#breadcrumb\",\"itemListElement\":[{\"@type\":\"ListItem\",\"position\":1,\"name\":\"Startseite\",\"item\":\"https:\\\/\\\/www.berge-wiesen-waelder.art\\\/\"},{\"@type\":\"ListItem\",\"position\":2,\"name\":\"Impressum\"}]},{\"@type\":\"WebSite\",\"@id\":\"https:\\\/\\\/www.berge-wiesen-waelder.art\\\/#website\",\"url\":\"https:\\\/\\\/www.berge-wiesen-waelder.art\\\/\",\"name\":\"Berge, Wiesen und W\u00e4lder\",\"description\":\"\",\"publisher\":{\"@id\":\"https:\\\/\\\/www.berge-wiesen-waelder.art\\\/#organization\"},\"potentialAction\":[{\"@type\":\"SearchAction\",\"target\":{\"@type\":\"EntryPoint\",\"urlTemplate\":\"https:\\\/\\\/www.berge-wiesen-waelder.art\\\/?s={search_term_string}\"},\"query-input\":{\"@type\":\"PropertyValueSpecification\",\"valueRequired\":true,\"valueName\":\"search_term_string\"}}],\"inLanguage\":\"en-GB\"},{\"@type\":\"Organization\",\"@id\":\"https:\\\/\\\/www.berge-wiesen-waelder.art\\\/#organization\",\"name\":\"Berge, Wiesen und W\u00e4lder\",\"url\":\"https:\\\/\\\/www.berge-wiesen-waelder.art\\\/\",\"logo\":{\"@type\":\"ImageObject\",\"inLanguage\":\"en-GB\",\"@id\":\"https:\\\/\\\/www.berge-wiesen-waelder.art\\\/#\\\/schema\\\/logo\\\/image\\\/\",\"url\":\"https:\\\/\\\/www.berge-wiesen-waelder.art\\\/wp-content\\\/uploads\\\/2021\\\/04\\\/LOGO_DE_colour_moved.jpg\",\"contentUrl\":\"https:\\\/\\\/www.berge-wiesen-waelder.art\\\/wp-content\\\/uploads\\\/2021\\\/04\\\/LOGO_DE_colour_moved.jpg\",\"width\":1294,\"height\":136,\"caption\":\"Berge, Wiesen und W\u00e4lder\"},\"image\":{\"@id\":\"https:\\\/\\\/www.berge-wiesen-waelder.art\\\/#\\\/schema\\\/logo\\\/image\\\/\"}}]}<\/script>\n<!-- \/ Yoast SEO plugin. -->","yoast_head_json":{"title":"Impressum - Berge, Wiesen und W\u00e4lder","robots":{"index":"noindex","follow":"nofollow"},"og_locale":"en_GB","og_type":"article","og_title":"Impressum - Berge, Wiesen und W\u00e4lder","og_description":"Impressum Julian Kirschler Fotograf Emsdettener Str. 10 c\/o Postflex #5210 48268 Greven Kontakt Telefon: Auf Anfrage E-Mail: info@julian-kirschler.com Redaktionell verantwortlich Julian Kirschler c\/o Postflex #5210 Emsdettener Str. 10 48268 Greven EU-Streitschlichtung Die Europ&auml;ische Kommission stellt eine Plattform zur Online-Streitbeilegung (OS) bereit: https:\/\/ec.europa.eu\/consumers\/odr\/. Unsere E-Mail-Adresse finden Sie oben im Impressum. Verbraucher&shy;streit&shy;beilegung\/Universal&shy;schlichtungs&shy;stelle Wir sind nicht bereit oder [&hellip;]","og_url":"https:\/\/www.berge-wiesen-waelder.art\/en\/impressum-imprint\/","og_site_name":"Berge, Wiesen und W\u00e4lder","article_modified_time":"2025-04-05T01:57:39+00:00","twitter_card":"summary_large_image","twitter_misc":{"Estimated reading time":"3 minutes"},"schema":{"@context":"https:\/\/schema.org","@graph":[{"@type":"WebPage","@id":"https:\/\/www.berge-wiesen-waelder.art\/impressum-imprint\/","url":"https:\/\/www.berge-wiesen-waelder.art\/impressum-imprint\/","name":"Impressum - Berge, Wiesen und W\u00e4lder","isPartOf":{"@id":"https:\/\/www.berge-wiesen-waelder.art\/#website"},"datePublished":"2020-12-19T22:19:59+00:00","dateModified":"2025-04-05T01:57:39+00:00","breadcrumb":{"@id":"https:\/\/www.berge-wiesen-waelder.art\/impressum-imprint\/#breadcrumb"},"inLanguage":"en-GB","potentialAction":[{"@type":"ReadAction","target":["https:\/\/www.berge-wiesen-waelder.art\/impressum-imprint\/"]}]},{"@type":"BreadcrumbList","@id":"https:\/\/www.berge-wiesen-waelder.art\/impressum-imprint\/#breadcrumb","itemListElement":[{"@type":"ListItem","position":1,"name":"Startseite","item":"https:\/\/www.berge-wiesen-waelder.art\/"},{"@type":"ListItem","position":2,"name":"Impressum"}]},{"@type":"WebSite","@id":"https:\/\/www.berge-wiesen-waelder.art\/#website","url":"https:\/\/www.berge-wiesen-waelder.art\/","name":"mountains, grasslands and woods","description":"","publisher":{"@id":"https:\/\/www.berge-wiesen-waelder.art\/#organization"},"potentialAction":[{"@type":"SearchAction","target":{"@type":"EntryPoint","urlTemplate":"https:\/\/www.berge-wiesen-waelder.art\/?s={search_term_string}"},"query-input":{"@type":"PropertyValueSpecification","valueRequired":true,"valueName":"search_term_string"}}],"inLanguage":"en-GB"},{"@type":"Organization","@id":"https:\/\/www.berge-wiesen-waelder.art\/#organization","name":"mountains, grasslands and woods","url":"https:\/\/www.berge-wiesen-waelder.art\/","logo":{"@type":"ImageObject","inLanguage":"en-GB","@id":"https:\/\/www.berge-wiesen-waelder.art\/#\/schema\/logo\/image\/","url":"https:\/\/www.berge-wiesen-waelder.art\/wp-content\/uploads\/2021\/04\/LOGO_DE_colour_moved.jpg","contentUrl":"https:\/\/www.berge-wiesen-waelder.art\/wp-content\/uploads\/2021\/04\/LOGO_DE_colour_moved.jpg","width":1294,"height":136,"caption":"Berge, Wiesen und W\u00e4lder"},"image":{"@id":"https:\/\/www.berge-wiesen-waelder.art\/#\/schema\/logo\/image\/"}}]}},"_links":{"self":[{"href":"https:\/\/www.berge-wiesen-waelder.art\/en\/wp-json\/wp\/v2\/pages\/29","targetHints":{"allow":["GET"]}}],"collection":[{"href":"https:\/\/www.berge-wiesen-waelder.art\/en\/wp-json\/wp\/v2\/pages"}],"about":[{"href":"https:\/\/www.berge-wiesen-waelder.art\/en\/wp-json\/wp\/v2\/types\/page"}],"author":[{"embeddable":true,"href":"https:\/\/www.berge-wiesen-waelder.art\/en\/wp-json\/wp\/v2\/users\/1"}],"replies":[{"embeddable":true,"href":"https:\/\/www.berge-wiesen-waelder.art\/en\/wp-json\/wp\/v2\/comments?post=29"}],"version-history":[{"count":0,"href":"https:\/\/www.berge-wiesen-waelder.art\/en\/wp-json\/wp\/v2\/pages\/29\/revisions"}],"wp:attachment":[{"href":"https:\/\/www.berge-wiesen-waelder.art\/en\/wp-json\/wp\/v2\/media?parent=29"}],"curies":[{"name":"wp","href":"https:\/\/api.w.org\/{rel}","templated":true}]}}